{"id":6,"date":"2016-02-05T11:48:48","date_gmt":"2016-02-05T11:48:48","guid":{"rendered":"http:\/\/laugar.is\/?page_id=6"},"modified":"2025-01-29T14:59:38","modified_gmt":"2025-01-29T14:59:38","slug":"namid","status":"publish","type":"page","link":"https:\/\/laugar.is\/?page_id=6","title":{"rendered":"N\u00c1MI\u00d0"},"content":{"rendered":"<p><img loading=\"lazy\" decoding=\"async\" class=\" wp-image-2891 alignleft\" src=\"https:\/\/laugar.is\/wp-content\/uploads\/2020\/10\/thumbnail-1-300x200.jpg\" alt=\"\" width=\"326\" height=\"217\" srcset=\"https:\/\/laugar.is\/wp-content\/uploads\/2020\/10\/thumbnail-1-300x200.jpg 300w, https:\/\/laugar.is\/wp-content\/uploads\/2020\/10\/thumbnail-1-1024x682.jpg 1024w, https:\/\/laugar.is\/wp-content\/uploads\/2020\/10\/thumbnail-1-768x511.jpg 768w, https:\/\/laugar.is\/wp-content\/uploads\/2020\/10\/thumbnail-1-400x267.jpg 400w, https:\/\/laugar.is\/wp-content\/uploads\/2020\/10\/thumbnail-1.jpg 1260w\" sizes=\"auto, (max-width: 326px) 100vw, 326px\" \/><\/p>\n<p>N\u00e1mi\u00f0 vi\u00f0 Framhaldssk\u00f3lans \u00e1 Laugum er fj\u00f6lbreytt, krefjandi og \u00feroskandi. \u00dea\u00f0 skal \u00e6t\u00ed\u00f0 vera \u00ed samr\u00e6mi vi\u00f0 menntastefnu sk\u00f3lans og a\u00f0aln\u00e1msskr\u00e1. N\u00e1mi\u00f0 m\u00e6tir \u00f3l\u00edkum \u00fe\u00f6rfum, getu og \u00e1hugasvi\u00f0um nemenda. \u00dev\u00ed skal leitast vi\u00f0 a\u00f0 nemendur f\u00e1i vi\u00f0fangsefni vi\u00f0 h\u00e6fi og s\u00e9u hvattir til virkrar \u00fe\u00e1ttt\u00f6ku, vinnusemi, sj\u00e1lfst\u00e6\u00f0ra og aga\u00f0ra vinnubrag\u00f0a og g\u00f3\u00f0s \u00e1rangurs. Nemendur eru hvattir til gagnr\u00fdninnar og skapandi hugsunar og a\u00f0 hafa \u00e1hrif \u00e1 n\u00e1m sitt og n\u00e1msumhverfi \u00fear sem \u00feeir starfa saman \u00e1 jafnr\u00e9ttisgrundvelli og \u00feroska me\u00f0 s\u00e9r r\u00e9ttl\u00e6tiskennd, \u00e1byrg\u00f0 og aukna samskiptah\u00e6fni.<\/p>\n<p>Hef\u00f0bundinn sk\u00f3ladagur hefst \u00e1 morgunmat kl. 8:45. Kennsla byrjar kl. 09:15 og er samfelld til kl. 15:30, me\u00f0 h\u00e1degishl\u00e9i. Hluti \u00ed\u00fer\u00f3ttakennslu fer \u00fe\u00f3 fram \u00e1 milli kl. 16-18. A\u00f0 sk\u00f3ladegi loknum gefst nemendum kostur \u00e1 a\u00f0 sinna f\u00e9lags- og t\u00f3mstundast\u00f6rfum. Gert er r\u00e1\u00f0 fyrir \u00fev\u00ed a\u00f0 nemendur lj\u00faki alla jafna vinnu sinni innan hef\u00f0bundins sk\u00f3ladags. Sk\u00f3ladagurinn er samfelldur hj\u00e1 \u00f6llum nemendum sk\u00f3lans og \u00fev\u00ed engar ey\u00f0ur \u00ed stundarskr\u00e1.<\/p>\n<p>N\u00e1ms- og kennsluumhverfi og a\u00f0fer\u00f0ir vi\u00f0 Framhaldssk\u00f3lann \u00e1 Laugum er \u00ed st\u00f6\u00f0ugri \u00fer\u00f3un. Hausti\u00f0 2022 var teki\u00f0 enn eitt skrefi\u00f0 til fram\u00fer\u00f3unar. Hef\u00f0bundnar stundat\u00f6flur hafa veri\u00f0 lag\u00f0ar til hli\u00f0ar en allir nemendur ver\u00f0a me\u00f0 samfelldan vinnudag og skr\u00e1\u00f0ir \u00ed vinnustofut\u00edma allan sk\u00f3ladaginn.&nbsp;<\/p>\n<header class=\"entry-header\">\n<h4 class=\"entry-title\">Innt\u00f6kuskilyr\u00f0i<\/h4>\n<\/header>\n<div class=\"entry-content\">\n<p>Innt\u00f6kuskilyr\u00f0i \u00e1 st\u00fadentsbrautirnar f\u00e9lagsv\u00edsindbraut, \u00ed\u00fer\u00f3ttabraut, kj\u00f6rsvi\u00f0sbraut og n\u00e1tt\u00faruv\u00edsindabraut eru a\u00f0 nemandi hafi a\u00f0 l\u00e1gmarki einkunnina B \u00ed kjarnagreinum \u00far grunnsk\u00f3la.&nbsp;Innt\u00f6kuskilyr\u00f0i \u00e1 almenna braut e\u00f0a grunnn\u00e1msbraut eru a\u00f0 hafa loki\u00f0 grunnsk\u00f3la.<\/p>\n<\/div>\n<header class=\"entry-header\">\n<h4 class=\"entry-title\">Vinnust\u00f6\u00f0var<\/h4>\n<\/header>\n<div class=\"entry-content\">\n<p>Hver nemandi f\u00e6r pers\u00f3nulega vinnust\u00f6\u00f0 \u00ed opnu r\u00fdmi \u00fear sem hann getur unni\u00f0 \u00ed vinnustofut\u00edmum sem og utan hef\u00f0bundins sk\u00f3lat\u00edma. \u00c1 \u00feessari vinnust\u00f6\u00f0 getur nemandinn geymt n\u00e1msb\u00e6kur, n\u00e1msg\u00f6gn og a\u00f0ra muni sem tengjast n\u00e1minu. \u00deetta fyrirkomulag gefur m\u00f6guleika \u00e1 sveigjanlegu n\u00e1msumhverfi og samfelldum sk\u00f3ladegi \u00e1n ey\u00f0a \u00ed stundaskr\u00e1 nemenda. \u00dea\u00f0 gefur nemandanum f\u00e6ri \u00e1 a\u00f0 n\u00fdta t\u00edma sinn betur, b\u00e6\u00f0i til n\u00e1ms og t\u00f3mstunda.<\/p>\n<p>Sveigjanlega n\u00e1msumhverfi\u00f0 \u00fear sem nemendur stunda n\u00e1m sitt \u00ed opnu vinnur\u00fdmi \u00ed vinnustofut\u00edmum undir verkstj\u00f3rn kennara auk \u00feess a\u00f0 m\u00e6ta \u00ed hef\u00f0bundnar kennslustundir \u00fear sem kennarar eru me\u00f0 s\u00ednum h\u00f3p kallar \u00e1 a\u00f0rar og fj\u00f6lbreyttari n\u00e1msa\u00f0fer\u00f0ir. Nemandinnn f\u00e6r einnig pers\u00f3nulega lei\u00f0s\u00f6gn gegnum framhaldssk\u00f3lann og honum gert kleift a\u00f0 r\u00e1\u00f0a nokkru um n\u00e1mshra\u00f0a sinn.<\/p>\n<p>Me\u00f0 sveigjanlegu n\u00e1msumhverfi og pers\u00f3nubundinni n\u00e1ms\u00e1\u00e6tlun opnast m\u00f6guleiki til a\u00f0 sinna \u00f6llum nemendum sem einstaklingum, b\u00e6\u00f0i \u00feeim sem standa h\u00f6llum f\u00e6ti \u00ed n\u00e1mi og ekki s\u00ed\u00f0ur \u00feeim sem b\u00faa yfir mestri n\u00e1mslegri f\u00e6rni. Nemendur geta teki\u00f0 \u00e1kve\u00f0na n\u00e1ms\u00e1fanga e\u00f0a n\u00e1msbrautir \u00e1 \u00feeim hra\u00f0a sem \u00feeir r\u00e1\u00f0a vi\u00f0 og \u00ed bo\u00f0i eru hverju sinni. Kj\u00f3si nemandi a\u00f0 hra\u00f0a n\u00e1mi s\u00ednu kallar \u00fea\u00f0 \u00e1 meira vinnuframlag utan hef\u00f0bundins sk\u00f3ladags.<\/p>\n<p>Me\u00f0 \u00feess vonast sk\u00f3linn til a\u00f0:<\/p>\n<ul>\n<li>gera sk\u00f3lann a\u00f0 betri sk\u00f3la<\/li>\n<li>auka g\u00e6\u00f0i n\u00e1ms vi\u00f0 sk\u00f3lann<\/li>\n<li>b\u00e6ta n\u00e1ms\u00e1rangur<\/li>\n<li>b\u00e6ta m\u00e6tingu og minnka brottfall<\/li>\n<li>geta sinnt \u00f6llum nemendum sk\u00f3lans \u00e1 einstaklingsmi\u00f0a\u00f0an h\u00e1tt, \u00fear sem teki\u00f0 er tillit til n\u00e1msgetu og \u00feroska hvers einstaklings fyrir sig<\/li>\n<li>b\u00e6ta l\u00ed\u00f0an nemenda \u00ed sk\u00f3lanum<\/li>\n<li>auka \u00e1byrg\u00f0 nemandans \u00e1 eigin n\u00e1mi<\/li>\n<li>auka m\u00f6guleika nemenda til a\u00f0 hra\u00f0a n\u00e1mi s\u00ednu<\/li>\n<li>b\u00faa nemendum n\u00e1msumhverfi sem undirb\u00fdr \u00fe\u00e1 enn betur undir \u00fe\u00e1ttt\u00f6ku \u00ed atvinnul\u00edfi og frekara n\u00e1m, m.a. me\u00f0 samfelldum sk\u00f3ladegi<\/li>\n<li>halda betur utan um nemendur f\u00e9lagslega og n\u00e1mslega, m.a. me\u00f0 efldu umsj\u00f3narstarfi<\/li>\n<li>beita fj\u00f6lbreyttari n\u00e1msa\u00f0fer\u00f0um<\/li>\n<li>auka m\u00f6guleika kennara til samstarfs og samvinnu<\/li>\n<li>stu\u00f0la a\u00f0 fram\u00fer\u00f3un \u00ed notkun uppl\u00fdsingat\u00e6kni vi\u00f0 sk\u00f3lann<\/li>\n<li>skapa sk\u00f3lanum s\u00e9rst\u00f6\u00f0u<\/li>\n<\/ul>\n<\/div>\n<p>Vinnustofut\u00edmar eru mislangir eftir \u00fev\u00ed hven\u00e6r \u00e1 deginum \u00feeir eru. Kennarar hafa m\u00f6guleika \u00e1 a\u00f0 taka nemendur \u00ed s\u00ednum \u00e1f\u00f6ngum,&nbsp; alla e\u00f0a \u00ed sm\u00e6rri h\u00f3pum, \u00ed \u00fattektir sem \u00fdmist eru skylda e\u00f0a valfrj\u00e1lsar. \u00cd upphafi hverrar viku er gert r\u00e1\u00f0 fyrir t\u00edma \u00fear sem nemendur skipuleggja vikuna s\u00edna. \u00de\u00e1 eru skyldu\u00fattektir \u00feegar komnar inn \u00ed t\u00f6flu nemenda fyrir \u00fe\u00e1 viku.<\/p>\n<p>\u00cd vinnustofut\u00edmum vinna nemendur a\u00f0 n\u00e1mi s\u00ednu undir verkstj\u00f3rn kennara. \u00deeir skipuleggja sj\u00e1lfir a\u00f0 hva\u00f0a verkefnum \u00feeir kj\u00f3sa a\u00f0 vinna hverju sinni. \u00deeir sinna n\u00e1minu \u00e1 vinnubor\u00f0i s\u00ednu e\u00f0a fara anna\u00f0 m.a. til h\u00f3pavinnu. Hlutverk kennarans er a\u00f0 a\u00f0sto\u00f0a nemendur, b\u00e6\u00f0i vi\u00f0 n\u00e1msefni\u00f0 en ekki s\u00ed\u00f0ur vi\u00f0 vinnubr\u00f6g\u00f0 og skipulag.<\/p>\n<p>Eitt af markmi\u00f0um \u00fer\u00f3unarverkefnisins er a\u00f0 kennsla f\u00e6rist enn frekar \u00ed \u00e1tt a\u00f0 vendikennslu. \u00c1hersla er l\u00f6g\u00f0 \u00e1 a\u00f0 hafa n\u00e1msefni og lei\u00f0beiningar a\u00f0 sem mestu leyti rafr\u00e6nt \u00feannig a\u00f0 \u00fea\u00f0 s\u00e9 \u00e1vallt a\u00f0gengilegt nemendum og \u00feeir geti unni\u00f0 sj\u00e1lfst\u00e6tt a\u00f0 n\u00e1minu hven\u00e6r sem er og hvar sem \u00feeir eru staddir. Vinnustofut\u00edmar, \u00fattektir og \u00f6nnur n\u00e1msvinna nemenda er ein heild \u00ed n\u00e1mi nemenda okkar og hefur allt jafn miki\u00f0 v\u00e6gi.<\/p>\n<p>\u00cd \u00fattektum geta kennarar fari\u00f0 me\u00f0 sinn h\u00f3p yfir \u00ed a\u00f0ra kennslustofu og unni\u00f0 me\u00f0 h\u00f3pnum&nbsp;&nbsp; \u00fear. M\u00f6guleiki er \u00e1 miklum sveigjanleika \u00fear sem t.d. er h\u00e6gt a\u00f0 taka \u00fat hluta nemenda \u00far&nbsp; h\u00f3pi og bj\u00f3\u00f0a \u00feannig \u00feeim sem \u00feurfa \u00e1 \u00fev\u00ed a\u00f0 halda meiri \u00fej\u00f3nustu. Kennarar panta \u00fattektir fyrir s\u00edna \u00e1fanga. Gert er r\u00e1\u00f0 fyrir \u00fev\u00ed a\u00f0 \u00ed hverjum h\u00f3pt\u00edma s\u00e9u alltaf a.m.k. tveir kennarar sem ekki fara \u00ed \u00fattektir.<\/p>\n<p><a href=\"https:\/\/teams.microsoft.com\/_?domain_hint=laugar.is\"><img loading=\"lazy\" decoding=\"async\" class=\" wp-image-3834 alignleft\" src=\"https:\/\/laugar.is\/wp-content\/uploads\/2022\/08\/Microsoft-Teams-Logo-300x169.png\" alt=\"\" width=\"96\" height=\"54\" srcset=\"https:\/\/laugar.is\/wp-content\/uploads\/2022\/08\/Microsoft-Teams-Logo-300x169.png 300w, https:\/\/laugar.is\/wp-content\/uploads\/2022\/08\/Microsoft-Teams-Logo-1024x576.png 1024w, https:\/\/laugar.is\/wp-content\/uploads\/2022\/08\/Microsoft-Teams-Logo-768x432.png 768w, https:\/\/laugar.is\/wp-content\/uploads\/2022\/08\/Microsoft-Teams-Logo-1536x864.png 1536w, https:\/\/laugar.is\/wp-content\/uploads\/2022\/08\/Microsoft-Teams-Logo-2048x1152.png 2048w\" sizes=\"auto, (max-width: 96px) 100vw, 96px\" \/><\/a><\/p>\n<p><a href=\"https:\/\/teams.microsoft.com\/_?domain_hint=laugar.is\">Teams<\/a> er \u00fea\u00f0 rafr\u00e6na umhverfi sem allir nota. \u00dear setja kennarar inn alla \u00e1fanga me\u00f0 kennslu\u00e1\u00e6tlunum, fyrirm\u00e6lum, kennsluefni, verkefnum og einkunnum. \u00dea\u00f0 er einnig nota\u00f0 fyrir stundat\u00f6flur, \u00fe.e. \u00fear panta kennarar t\u00edma fyrir \u00fattektir. Samskipti og uppl\u00fdsingagj\u00f6f kennara, nemenda og starfsmanna eiga s\u00e9r sta\u00f0 \u00e1 Teams.<\/p>\n<p>\u00deeir sem vilja kynna s\u00e9r m\u00e1li\u00f0 enn frekar er bent \u00e1 a\u00f0 hafa samband vi\u00f0 <a href=\"http:\/\/laugar.is\/?page_id=223\">n\u00e1msr\u00e1\u00f0gjafa sk\u00f3lans<\/a>.<\/p>\n<p>&nbsp;<\/p>\n<p>&nbsp;<\/p>\n","protected":false},"excerpt":{"rendered":"<p>N\u00e1mi\u00f0 vi\u00f0 Framhaldssk\u00f3lans \u00e1 Laugum er fj\u00f6lbreytt, krefjandi og \u00feroskandi. \u00dea\u00f0 skal \u00e6t\u00ed\u00f0 vera \u00ed samr\u00e6mi vi\u00f0 menntastefnu sk\u00f3lans og a\u00f0aln\u00e1msskr\u00e1. N\u00e1mi\u00f0 m\u00e6tir \u00f3l\u00edkum \u00fe\u00f6rfum, getu og \u00e1hugasvi\u00f0um nemenda. \u00dev\u00ed skal leitast vi\u00f0 a\u00f0 nemendur f\u00e1i vi\u00f0fangsefni vi\u00f0 h\u00e6fi og s\u00e9u hvattir til virkrar \u00fe\u00e1ttt\u00f6ku, vinnusemi, sj\u00e1lfst\u00e6\u00f0ra og aga\u00f0ra vinnubrag\u00f0a og g\u00f3\u00f0s \u00e1rangurs. Nemendur eru hvattir til gagnr\u00fdninnar og skapandi hugsunar og a\u00f0 hafa \u00e1hrif \u00e1 n\u00e1m sitt og n\u00e1msumhverfi <a class=\"more-link\" href=\"https:\/\/laugar.is\/?page_id=6\">&#8230;Lestu \u00e1fram<\/a><\/p>\n","protected":false},"author":1,"featured_media":0,"parent":0,"menu_order":0,"comment_status":"closed","ping_status":"closed","template":"","meta":{"_acf_changed":false,"_lmt_disableupdate":"","_lmt_disable":"","ngg_post_thumbnail":0,"footnotes":""},"class_list":["post-6","page","type-page","status-publish","hentry"],"acf":[],"yoast_head":"<!-- This site is optimized with the Yoast SEO plugin v27.5 - https:\/\/yoast.com\/product\/yoast-seo-wordpress\/ -->\n<title>N\u00c1MI\u00d0 - FRAMHALDSSK\u00d3LINN \u00c1 LAUGUM<\/title>\n<meta name=\"description\" content=\"N\u00e1mi\u00f0 vi\u00f0 Framhaldssk\u00f3lans \u00e1 Laugum er fj\u00f6lbreytt, krefjandi og \u00feroskandi.\" \/>\n<meta name=\"robots\" content=\"index, follow, max-snippet:-1, max-image-preview:large, max-video-preview:-1\" \/>\n<link rel=\"canonical\" href=\"https:\/\/laugar.is\/?page_id=6\" \/>\n<meta property=\"og:locale\" content=\"is_IS\" \/>\n<meta property=\"og:type\" content=\"article\" \/>\n<meta property=\"og:title\" content=\"N\u00c1MI\u00d0 - FRAMHALDSSK\u00d3LINN \u00c1 LAUGUM\" \/>\n<meta property=\"og:description\" content=\"N\u00e1mi\u00f0 vi\u00f0 Framhaldssk\u00f3lans \u00e1 Laugum er fj\u00f6lbreytt, krefjandi og \u00feroskandi.\" \/>\n<meta property=\"og:url\" content=\"https:\/\/laugar.is\/?page_id=6\" \/>\n<meta property=\"og:site_name\" content=\"FRAMHALDSSK\u00d3LINN \u00c1 LAUGUM\" \/>\n<meta property=\"article:publisher\" content=\"https:\/\/www.facebook.com\/laugaskoli\/\" \/>\n<meta property=\"article:modified_time\" content=\"2025-01-29T14:59:38+00:00\" \/>\n<meta property=\"og:image\" content=\"https:\/\/laugar.is\/wp-content\/uploads\/2020\/10\/thumbnail-1.jpg\" \/>\n\t<meta property=\"og:image:width\" content=\"1260\" \/>\n\t<meta property=\"og:image:height\" content=\"839\" \/>\n\t<meta property=\"og:image:type\" content=\"image\/jpeg\" \/>\n<meta name=\"twitter:card\" content=\"summary_large_image\" \/>\n<meta name=\"twitter:label1\" content=\"Est. reading time\" \/>\n\t<meta name=\"twitter:data1\" content=\"5 minutes\" \/>\n<script type=\"application\/ld+json\" class=\"yoast-schema-graph\">{\"@context\":\"https:\\\/\\\/schema.org\",\"@graph\":[{\"@type\":\"WebPage\",\"@id\":\"https:\\\/\\\/laugar.is\\\/?page_id=6\",\"url\":\"https:\\\/\\\/laugar.is\\\/?page_id=6\",\"name\":\"N\u00c1MI\u00d0 - FRAMHALDSSK\u00d3LINN \u00c1 LAUGUM\",\"isPartOf\":{\"@id\":\"https:\\\/\\\/laugar.is\\\/#website\"},\"primaryImageOfPage\":{\"@id\":\"https:\\\/\\\/laugar.is\\\/?page_id=6#primaryimage\"},\"image\":{\"@id\":\"https:\\\/\\\/laugar.is\\\/?page_id=6#primaryimage\"},\"thumbnailUrl\":\"https:\\\/\\\/laugar.is\\\/wp-content\\\/uploads\\\/2020\\\/10\\\/thumbnail-1-300x200.jpg\",\"datePublished\":\"2016-02-05T11:48:48+00:00\",\"dateModified\":\"2025-01-29T14:59:38+00:00\",\"description\":\"N\u00e1mi\u00f0 vi\u00f0 Framhaldssk\u00f3lans \u00e1 Laugum er fj\u00f6lbreytt, krefjandi og \u00feroskandi.\",\"breadcrumb\":{\"@id\":\"https:\\\/\\\/laugar.is\\\/?page_id=6#breadcrumb\"},\"inLanguage\":\"is\",\"potentialAction\":[{\"@type\":\"ReadAction\",\"target\":[\"https:\\\/\\\/laugar.is\\\/?page_id=6\"]}]},{\"@type\":\"ImageObject\",\"inLanguage\":\"is\",\"@id\":\"https:\\\/\\\/laugar.is\\\/?page_id=6#primaryimage\",\"url\":\"https:\\\/\\\/laugar.is\\\/wp-content\\\/uploads\\\/2020\\\/10\\\/thumbnail-1.jpg\",\"contentUrl\":\"https:\\\/\\\/laugar.is\\\/wp-content\\\/uploads\\\/2020\\\/10\\\/thumbnail-1.jpg\",\"width\":1260,\"height\":839},{\"@type\":\"BreadcrumbList\",\"@id\":\"https:\\\/\\\/laugar.is\\\/?page_id=6#breadcrumb\",\"itemListElement\":[{\"@type\":\"ListItem\",\"position\":1,\"name\":\"Home\",\"item\":\"https:\\\/\\\/laugar.is\\\/\"},{\"@type\":\"ListItem\",\"position\":2,\"name\":\"N\u00c1MI\u00d0\"}]},{\"@type\":\"WebSite\",\"@id\":\"https:\\\/\\\/laugar.is\\\/#website\",\"url\":\"https:\\\/\\\/laugar.is\\\/\",\"name\":\"FRAMHALDSSK\u00d3LINN \u00c1 LAUGUM\",\"description\":\"Metna\u00f0ur - Tr\u00famennska  - Tillitssemi - Gla\u00f0lyndi\",\"publisher\":{\"@id\":\"https:\\\/\\\/laugar.is\\\/#organization\"},\"potentialAction\":[{\"@type\":\"SearchAction\",\"target\":{\"@type\":\"EntryPoint\",\"urlTemplate\":\"https:\\\/\\\/laugar.is\\\/?s={search_term_string}\"},\"query-input\":{\"@type\":\"PropertyValueSpecification\",\"valueRequired\":true,\"valueName\":\"search_term_string\"}}],\"inLanguage\":\"is\"},{\"@type\":\"Organization\",\"@id\":\"https:\\\/\\\/laugar.is\\\/#organization\",\"name\":\"Framhaldssk\u00f3linn \u00e1 Laugum\",\"url\":\"https:\\\/\\\/laugar.is\\\/\",\"logo\":{\"@type\":\"ImageObject\",\"inLanguage\":\"is\",\"@id\":\"https:\\\/\\\/laugar.is\\\/#\\\/schema\\\/logo\\\/image\\\/\",\"url\":\"https:\\\/\\\/laugar.is\\\/wp-content\\\/uploads\\\/2017\\\/01\\\/laugar_merki_antexta-kip.jpg\",\"contentUrl\":\"https:\\\/\\\/laugar.is\\\/wp-content\\\/uploads\\\/2017\\\/01\\\/laugar_merki_antexta-kip.jpg\",\"width\":536,\"height\":551,\"caption\":\"Framhaldssk\u00f3linn \u00e1 Laugum\"},\"image\":{\"@id\":\"https:\\\/\\\/laugar.is\\\/#\\\/schema\\\/logo\\\/image\\\/\"},\"sameAs\":[\"https:\\\/\\\/www.facebook.com\\\/laugaskoli\\\/\"]}]}<\/script>\n<!-- \/ Yoast SEO plugin. -->","yoast_head_json":{"title":"N\u00c1MI\u00d0 - FRAMHALDSSK\u00d3LINN \u00c1 LAUGUM","description":"N\u00e1mi\u00f0 vi\u00f0 Framhaldssk\u00f3lans \u00e1 Laugum er fj\u00f6lbreytt, krefjandi og \u00feroskandi.","robots":{"index":"index","follow":"follow","max-snippet":"max-snippet:-1","max-image-preview":"max-image-preview:large","max-video-preview":"max-video-preview:-1"},"canonical":"https:\/\/laugar.is\/?page_id=6","og_locale":"is_IS","og_type":"article","og_title":"N\u00c1MI\u00d0 - FRAMHALDSSK\u00d3LINN \u00c1 LAUGUM","og_description":"N\u00e1mi\u00f0 vi\u00f0 Framhaldssk\u00f3lans \u00e1 Laugum er fj\u00f6lbreytt, krefjandi og \u00feroskandi.","og_url":"https:\/\/laugar.is\/?page_id=6","og_site_name":"FRAMHALDSSK\u00d3LINN \u00c1 LAUGUM","article_publisher":"https:\/\/www.facebook.com\/laugaskoli\/","article_modified_time":"2025-01-29T14:59:38+00:00","og_image":[{"width":1260,"height":839,"url":"https:\/\/laugar.is\/wp-content\/uploads\/2020\/10\/thumbnail-1.jpg","type":"image\/jpeg"}],"twitter_card":"summary_large_image","twitter_misc":{"Est. reading time":"5 minutes"},"schema":{"@context":"https:\/\/schema.org","@graph":[{"@type":"WebPage","@id":"https:\/\/laugar.is\/?page_id=6","url":"https:\/\/laugar.is\/?page_id=6","name":"N\u00c1MI\u00d0 - FRAMHALDSSK\u00d3LINN \u00c1 LAUGUM","isPartOf":{"@id":"https:\/\/laugar.is\/#website"},"primaryImageOfPage":{"@id":"https:\/\/laugar.is\/?page_id=6#primaryimage"},"image":{"@id":"https:\/\/laugar.is\/?page_id=6#primaryimage"},"thumbnailUrl":"https:\/\/laugar.is\/wp-content\/uploads\/2020\/10\/thumbnail-1-300x200.jpg","datePublished":"2016-02-05T11:48:48+00:00","dateModified":"2025-01-29T14:59:38+00:00","description":"N\u00e1mi\u00f0 vi\u00f0 Framhaldssk\u00f3lans \u00e1 Laugum er fj\u00f6lbreytt, krefjandi og \u00feroskandi.","breadcrumb":{"@id":"https:\/\/laugar.is\/?page_id=6#breadcrumb"},"inLanguage":"is","potentialAction":[{"@type":"ReadAction","target":["https:\/\/laugar.is\/?page_id=6"]}]},{"@type":"ImageObject","inLanguage":"is","@id":"https:\/\/laugar.is\/?page_id=6#primaryimage","url":"https:\/\/laugar.is\/wp-content\/uploads\/2020\/10\/thumbnail-1.jpg","contentUrl":"https:\/\/laugar.is\/wp-content\/uploads\/2020\/10\/thumbnail-1.jpg","width":1260,"height":839},{"@type":"BreadcrumbList","@id":"https:\/\/laugar.is\/?page_id=6#breadcrumb","itemListElement":[{"@type":"ListItem","position":1,"name":"Home","item":"https:\/\/laugar.is\/"},{"@type":"ListItem","position":2,"name":"N\u00c1MI\u00d0"}]},{"@type":"WebSite","@id":"https:\/\/laugar.is\/#website","url":"https:\/\/laugar.is\/","name":"FRAMHALDSSK\u00d3LINN \u00c1 LAUGUM","description":"Metna\u00f0ur - Tr\u00famennska  - Tillitssemi - Gla\u00f0lyndi","publisher":{"@id":"https:\/\/laugar.is\/#organization"},"potentialAction":[{"@type":"SearchAction","target":{"@type":"EntryPoint","urlTemplate":"https:\/\/laugar.is\/?s={search_term_string}"},"query-input":{"@type":"PropertyValueSpecification","valueRequired":true,"valueName":"search_term_string"}}],"inLanguage":"is"},{"@type":"Organization","@id":"https:\/\/laugar.is\/#organization","name":"Framhaldssk\u00f3linn \u00e1 Laugum","url":"https:\/\/laugar.is\/","logo":{"@type":"ImageObject","inLanguage":"is","@id":"https:\/\/laugar.is\/#\/schema\/logo\/image\/","url":"https:\/\/laugar.is\/wp-content\/uploads\/2017\/01\/laugar_merki_antexta-kip.jpg","contentUrl":"https:\/\/laugar.is\/wp-content\/uploads\/2017\/01\/laugar_merki_antexta-kip.jpg","width":536,"height":551,"caption":"Framhaldssk\u00f3linn \u00e1 Laugum"},"image":{"@id":"https:\/\/laugar.is\/#\/schema\/logo\/image\/"},"sameAs":["https:\/\/www.facebook.com\/laugaskoli\/"]}]}},"_links":{"self":[{"href":"https:\/\/laugar.is\/index.php?rest_route=\/wp\/v2\/pages\/6","targetHints":{"allow":["GET"]}}],"collection":[{"href":"https:\/\/laugar.is\/index.php?rest_route=\/wp\/v2\/pages"}],"about":[{"href":"https:\/\/laugar.is\/index.php?rest_route=\/wp\/v2\/types\/page"}],"author":[{"embeddable":true,"href":"https:\/\/laugar.is\/index.php?rest_route=\/wp\/v2\/users\/1"}],"replies":[{"embeddable":true,"href":"https:\/\/laugar.is\/index.php?rest_route=%2Fwp%2Fv2%2Fcomments&post=6"}],"version-history":[{"count":16,"href":"https:\/\/laugar.is\/index.php?rest_route=\/wp\/v2\/pages\/6\/revisions"}],"predecessor-version":[{"id":5989,"href":"https:\/\/laugar.is\/index.php?rest_route=\/wp\/v2\/pages\/6\/revisions\/5989"}],"wp:attachment":[{"href":"https:\/\/laugar.is\/index.php?rest_route=%2Fwp%2Fv2%2Fmedia&parent=6"}],"curies":[{"name":"wp","href":"https:\/\/api.w.org\/{rel}","templated":true}]}}