{"id":233,"date":"2017-01-17T19:14:57","date_gmt":"2017-01-17T19:14:57","guid":{"rendered":"http:\/\/laugar.is\/?page_id=233"},"modified":"2025-09-24T09:04:09","modified_gmt":"2025-09-24T09:04:09","slug":"husvordur","status":"publish","type":"page","link":"https:\/\/laugar.is\/?page_id=233","title":{"rendered":"Umsj\u00f3narma\u00f0ur fasteigna"},"content":{"rendered":"<p>&nbsp;<\/p>\n<p><img loading=\"lazy\" decoding=\"async\" class=\"alignnone wp-image-6170\" src=\"https:\/\/laugar.is\/wp-content\/uploads\/2024\/04\/cropped-laugar_merki_high-300x300.jpg\" alt=\"\" width=\"148\" height=\"148\" srcset=\"https:\/\/laugar.is\/wp-content\/uploads\/2024\/04\/cropped-laugar_merki_high-300x300.jpg 300w, https:\/\/laugar.is\/wp-content\/uploads\/2024\/04\/cropped-laugar_merki_high-150x150.jpg 150w, https:\/\/laugar.is\/wp-content\/uploads\/2024\/04\/cropped-laugar_merki_high-270x270.jpg 270w, https:\/\/laugar.is\/wp-content\/uploads\/2024\/04\/cropped-laugar_merki_high-192x192.jpg 192w, https:\/\/laugar.is\/wp-content\/uploads\/2024\/04\/cropped-laugar_merki_high-180x180.jpg 180w, https:\/\/laugar.is\/wp-content\/uploads\/2024\/04\/cropped-laugar_merki_high-32x32.jpg 32w, https:\/\/laugar.is\/wp-content\/uploads\/2024\/04\/cropped-laugar_merki_high.jpg 512w\" sizes=\"auto, (max-width: 148px) 100vw, 148px\" \/><\/p>\n<h5>&nbsp;<\/h5>\n<h4><strong>Umsj\u00f3narma\u00f0ur fasteigna<\/strong><\/h4>\n<p>Umsj\u00f3narma\u00f0ur fasteigna hefur eftirlit me\u00f0 h\u00fasn\u00e6\u00f0i sk\u00f3lans og \u00f6\u00f0rum eignum hans \u00ed umbo\u00f0i sk\u00f3lameistara. Hann annast minnih\u00e1ttar vi\u00f0hald og vi\u00f0ger\u00f0ir \u00e1 h\u00fasum sk\u00f3lans \u00e1samt \u00fev\u00ed a\u00f0 annast umhir\u00f0u \u00e1 l\u00f3\u00f0 sk\u00f3lans. H\u00fasv\u00f6r\u00f0ur hefur yfirumsj\u00f3n me\u00f0 r\u00e6stingum og annast innkaup rekstrarvara \u00fear a\u00f0 l\u00fatandi \u00ed samr\u00e1\u00f0i vi\u00f0 fj\u00e1rm\u00e1lastj\u00f3ra. \u00de\u00e1 hefur hann \u00e1 sk\u00f3lat\u00edma eftirlit me\u00f0 a\u00f0 reglum sk\u00f3lans s\u00e9 fylgt.<\/p>\n<p>&nbsp;<\/p>\n<h5>Umsj\u00f3narma\u00f0ur fasteigna er<\/h5>\n<h1 class=\"html-h1 xdj266r x11i5rnm xat24cr x1mh8g0r xexx8yu x4uap5 x18d9i69 xkhd6sd x1vvkbs x1heor9g x1qlqyl8 x1pd3egz x1a2a7pz\">J\u00f3n Sverrir Sigtryggsson<\/h1>\n<h5><strong><br \/>\n<\/strong>S\u00edmi:<strong> 824-3496<\/strong><br \/>\nNetfang: jonsverrir@laugar.is<\/h5>\n<p>&nbsp;<\/p>\n<p>&nbsp;<\/p>\n<p><img loading=\"lazy\" decoding=\"async\" class=\"alignnone wp-image-2891 size-large\" src=\"https:\/\/laugar.is\/wp-content\/uploads\/2020\/10\/thumbnail-1-1024x682.jpg\" alt=\"\" width=\"800\" height=\"533\" srcset=\"https:\/\/laugar.is\/wp-content\/uploads\/2020\/10\/thumbnail-1-1024x682.jpg 1024w, https:\/\/laugar.is\/wp-content\/uploads\/2020\/10\/thumbnail-1-300x200.jpg 300w, https:\/\/laugar.is\/wp-content\/uploads\/2020\/10\/thumbnail-1-768x511.jpg 768w, https:\/\/laugar.is\/wp-content\/uploads\/2020\/10\/thumbnail-1-400x267.jpg 400w, https:\/\/laugar.is\/wp-content\/uploads\/2020\/10\/thumbnail-1.jpg 1260w\" sizes=\"auto, (max-width: 800px) 100vw, 800px\" \/><\/p>\n<p>&nbsp;<\/p>\n<p>&nbsp;<\/p>\n<p>&nbsp;<\/p>\n<p>&nbsp;<\/p>\n<p>&nbsp;<\/p>\n<p>&nbsp;<\/p>\n<p>&nbsp;<\/p>\n","protected":false},"excerpt":{"rendered":"<p>&nbsp; &nbsp; Umsj\u00f3narma\u00f0ur fasteigna Umsj\u00f3narma\u00f0ur fasteigna hefur eftirlit me\u00f0 h\u00fasn\u00e6\u00f0i sk\u00f3lans og \u00f6\u00f0rum eignum hans \u00ed umbo\u00f0i sk\u00f3lameistara. Hann annast minnih\u00e1ttar vi\u00f0hald og vi\u00f0ger\u00f0ir \u00e1 h\u00fasum sk\u00f3lans \u00e1samt \u00fev\u00ed a\u00f0 annast umhir\u00f0u \u00e1 l\u00f3\u00f0 sk\u00f3lans. H\u00fasv\u00f6r\u00f0ur hefur yfirumsj\u00f3n me\u00f0 r\u00e6stingum og annast innkaup rekstrarvara \u00fear a\u00f0 l\u00fatandi \u00ed samr\u00e1\u00f0i vi\u00f0 fj\u00e1rm\u00e1lastj\u00f3ra. \u00de\u00e1 hefur hann \u00e1 sk\u00f3lat\u00edma eftirlit me\u00f0 a\u00f0 reglum sk\u00f3lans s\u00e9 fylgt. &nbsp; Umsj\u00f3narma\u00f0ur fasteigna er J\u00f3n Sverrir Sigtryggsson <a class=\"more-link\" href=\"https:\/\/laugar.is\/?page_id=233\">&#8230;Lestu \u00e1fram<\/a><\/p>\n","protected":false},"author":1,"featured_media":0,"parent":219,"menu_order":0,"comment_status":"closed","ping_status":"closed","template":"","meta":{"_acf_changed":false,"_lmt_disableupdate":"no","_lmt_disable":"no","ngg_post_thumbnail":0,"footnotes":""},"class_list":["post-233","page","type-page","status-publish","hentry"],"acf":[],"yoast_head":"<!-- This site is optimized with the Yoast SEO plugin v27.5 - https:\/\/yoast.com\/product\/yoast-seo-wordpress\/ -->\n<title>Umsj\u00f3narma\u00f0ur fasteigna - FRAMHALDSSK\u00d3LINN \u00c1 LAUGUM<\/title>\n<meta name=\"robots\" content=\"index, follow, max-snippet:-1, max-image-preview:large, max-video-preview:-1\" \/>\n<link rel=\"canonical\" href=\"https:\/\/laugar.is\/?page_id=233\" \/>\n<meta property=\"og:locale\" content=\"is_IS\" \/>\n<meta property=\"og:type\" content=\"article\" \/>\n<meta property=\"og:title\" content=\"Umsj\u00f3narma\u00f0ur fasteigna - FRAMHALDSSK\u00d3LINN \u00c1 LAUGUM\" \/>\n<meta property=\"og:description\" content=\"&nbsp; &nbsp; Umsj\u00f3narma\u00f0ur fasteigna Umsj\u00f3narma\u00f0ur fasteigna hefur eftirlit me\u00f0 h\u00fasn\u00e6\u00f0i sk\u00f3lans og \u00f6\u00f0rum eignum hans \u00ed umbo\u00f0i sk\u00f3lameistara. Hann annast minnih\u00e1ttar vi\u00f0hald og vi\u00f0ger\u00f0ir \u00e1 h\u00fasum sk\u00f3lans \u00e1samt \u00fev\u00ed a\u00f0 annast umhir\u00f0u \u00e1 l\u00f3\u00f0 sk\u00f3lans. H\u00fasv\u00f6r\u00f0ur hefur yfirumsj\u00f3n me\u00f0 r\u00e6stingum og annast innkaup rekstrarvara \u00fear a\u00f0 l\u00fatandi \u00ed samr\u00e1\u00f0i vi\u00f0 fj\u00e1rm\u00e1lastj\u00f3ra. \u00de\u00e1 hefur hann \u00e1 sk\u00f3lat\u00edma eftirlit me\u00f0 a\u00f0 reglum sk\u00f3lans s\u00e9 fylgt. &nbsp; Umsj\u00f3narma\u00f0ur fasteigna er J\u00f3n Sverrir Sigtryggsson ...Lestu \u00e1fram\" \/>\n<meta property=\"og:url\" content=\"https:\/\/laugar.is\/?page_id=233\" \/>\n<meta property=\"og:site_name\" content=\"FRAMHALDSSK\u00d3LINN \u00c1 LAUGUM\" \/>\n<meta property=\"article:publisher\" content=\"https:\/\/www.facebook.com\/laugaskoli\/\" \/>\n<meta property=\"article:modified_time\" content=\"2025-09-24T09:04:09+00:00\" \/>\n<meta property=\"og:image\" content=\"https:\/\/laugar.is\/wp-content\/uploads\/2024\/04\/cropped-laugar_merki_high.jpg\" \/>\n\t<meta property=\"og:image:width\" content=\"512\" \/>\n\t<meta property=\"og:image:height\" content=\"512\" \/>\n\t<meta property=\"og:image:type\" content=\"image\/jpeg\" \/>\n<meta name=\"twitter:card\" content=\"summary_large_image\" \/>\n<meta name=\"twitter:label1\" content=\"Est. reading time\" \/>\n\t<meta name=\"twitter:data1\" content=\"1 minute\" \/>\n<script type=\"application\/ld+json\" class=\"yoast-schema-graph\">{\"@context\":\"https:\\\/\\\/schema.org\",\"@graph\":[{\"@type\":\"WebPage\",\"@id\":\"https:\\\/\\\/laugar.is\\\/?page_id=233\",\"url\":\"https:\\\/\\\/laugar.is\\\/?page_id=233\",\"name\":\"Umsj\u00f3narma\u00f0ur fasteigna - FRAMHALDSSK\u00d3LINN \u00c1 LAUGUM\",\"isPartOf\":{\"@id\":\"https:\\\/\\\/laugar.is\\\/#website\"},\"primaryImageOfPage\":{\"@id\":\"https:\\\/\\\/laugar.is\\\/?page_id=233#primaryimage\"},\"image\":{\"@id\":\"https:\\\/\\\/laugar.is\\\/?page_id=233#primaryimage\"},\"thumbnailUrl\":\"https:\\\/\\\/laugar.is\\\/wp-content\\\/uploads\\\/2024\\\/04\\\/cropped-laugar_merki_high-300x300.jpg\",\"datePublished\":\"2017-01-17T19:14:57+00:00\",\"dateModified\":\"2025-09-24T09:04:09+00:00\",\"breadcrumb\":{\"@id\":\"https:\\\/\\\/laugar.is\\\/?page_id=233#breadcrumb\"},\"inLanguage\":\"is\",\"potentialAction\":[{\"@type\":\"ReadAction\",\"target\":[\"https:\\\/\\\/laugar.is\\\/?page_id=233\"]}]},{\"@type\":\"ImageObject\",\"inLanguage\":\"is\",\"@id\":\"https:\\\/\\\/laugar.is\\\/?page_id=233#primaryimage\",\"url\":\"https:\\\/\\\/laugar.is\\\/wp-content\\\/uploads\\\/2024\\\/04\\\/cropped-laugar_merki_high.jpg\",\"contentUrl\":\"https:\\\/\\\/laugar.is\\\/wp-content\\\/uploads\\\/2024\\\/04\\\/cropped-laugar_merki_high.jpg\",\"width\":512,\"height\":512},{\"@type\":\"BreadcrumbList\",\"@id\":\"https:\\\/\\\/laugar.is\\\/?page_id=233#breadcrumb\",\"itemListElement\":[{\"@type\":\"ListItem\",\"position\":1,\"name\":\"Home\",\"item\":\"https:\\\/\\\/laugar.is\\\/\"},{\"@type\":\"ListItem\",\"position\":2,\"name\":\"\u00deJ\u00d3NUSTA\",\"item\":\"https:\\\/\\\/laugar.is\\\/?page_id=219\"},{\"@type\":\"ListItem\",\"position\":3,\"name\":\"Umsj\u00f3narma\u00f0ur fasteigna\"}]},{\"@type\":\"WebSite\",\"@id\":\"https:\\\/\\\/laugar.is\\\/#website\",\"url\":\"https:\\\/\\\/laugar.is\\\/\",\"name\":\"FRAMHALDSSK\u00d3LINN \u00c1 LAUGUM\",\"description\":\"Metna\u00f0ur - Tr\u00famennska  - Tillitssemi - Gla\u00f0lyndi\",\"publisher\":{\"@id\":\"https:\\\/\\\/laugar.is\\\/#organization\"},\"potentialAction\":[{\"@type\":\"SearchAction\",\"target\":{\"@type\":\"EntryPoint\",\"urlTemplate\":\"https:\\\/\\\/laugar.is\\\/?s={search_term_string}\"},\"query-input\":{\"@type\":\"PropertyValueSpecification\",\"valueRequired\":true,\"valueName\":\"search_term_string\"}}],\"inLanguage\":\"is\"},{\"@type\":\"Organization\",\"@id\":\"https:\\\/\\\/laugar.is\\\/#organization\",\"name\":\"Framhaldssk\u00f3linn \u00e1 Laugum\",\"url\":\"https:\\\/\\\/laugar.is\\\/\",\"logo\":{\"@type\":\"ImageObject\",\"inLanguage\":\"is\",\"@id\":\"https:\\\/\\\/laugar.is\\\/#\\\/schema\\\/logo\\\/image\\\/\",\"url\":\"https:\\\/\\\/laugar.is\\\/wp-content\\\/uploads\\\/2017\\\/01\\\/laugar_merki_antexta-kip.jpg\",\"contentUrl\":\"https:\\\/\\\/laugar.is\\\/wp-content\\\/uploads\\\/2017\\\/01\\\/laugar_merki_antexta-kip.jpg\",\"width\":536,\"height\":551,\"caption\":\"Framhaldssk\u00f3linn \u00e1 Laugum\"},\"image\":{\"@id\":\"https:\\\/\\\/laugar.is\\\/#\\\/schema\\\/logo\\\/image\\\/\"},\"sameAs\":[\"https:\\\/\\\/www.facebook.com\\\/laugaskoli\\\/\"]}]}<\/script>\n<!-- \/ Yoast SEO plugin. -->","yoast_head_json":{"title":"Umsj\u00f3narma\u00f0ur fasteigna - FRAMHALDSSK\u00d3LINN \u00c1 LAUGUM","robots":{"index":"index","follow":"follow","max-snippet":"max-snippet:-1","max-image-preview":"max-image-preview:large","max-video-preview":"max-video-preview:-1"},"canonical":"https:\/\/laugar.is\/?page_id=233","og_locale":"is_IS","og_type":"article","og_title":"Umsj\u00f3narma\u00f0ur fasteigna - FRAMHALDSSK\u00d3LINN \u00c1 LAUGUM","og_description":"&nbsp; &nbsp; Umsj\u00f3narma\u00f0ur fasteigna Umsj\u00f3narma\u00f0ur fasteigna hefur eftirlit me\u00f0 h\u00fasn\u00e6\u00f0i sk\u00f3lans og \u00f6\u00f0rum eignum hans \u00ed umbo\u00f0i sk\u00f3lameistara. Hann annast minnih\u00e1ttar vi\u00f0hald og vi\u00f0ger\u00f0ir \u00e1 h\u00fasum sk\u00f3lans \u00e1samt \u00fev\u00ed a\u00f0 annast umhir\u00f0u \u00e1 l\u00f3\u00f0 sk\u00f3lans. H\u00fasv\u00f6r\u00f0ur hefur yfirumsj\u00f3n me\u00f0 r\u00e6stingum og annast innkaup rekstrarvara \u00fear a\u00f0 l\u00fatandi \u00ed samr\u00e1\u00f0i vi\u00f0 fj\u00e1rm\u00e1lastj\u00f3ra. \u00de\u00e1 hefur hann \u00e1 sk\u00f3lat\u00edma eftirlit me\u00f0 a\u00f0 reglum sk\u00f3lans s\u00e9 fylgt. &nbsp; Umsj\u00f3narma\u00f0ur fasteigna er J\u00f3n Sverrir Sigtryggsson ...Lestu \u00e1fram","og_url":"https:\/\/laugar.is\/?page_id=233","og_site_name":"FRAMHALDSSK\u00d3LINN \u00c1 LAUGUM","article_publisher":"https:\/\/www.facebook.com\/laugaskoli\/","article_modified_time":"2025-09-24T09:04:09+00:00","og_image":[{"width":512,"height":512,"url":"https:\/\/laugar.is\/wp-content\/uploads\/2024\/04\/cropped-laugar_merki_high.jpg","type":"image\/jpeg"}],"twitter_card":"summary_large_image","twitter_misc":{"Est. reading time":"1 minute"},"schema":{"@context":"https:\/\/schema.org","@graph":[{"@type":"WebPage","@id":"https:\/\/laugar.is\/?page_id=233","url":"https:\/\/laugar.is\/?page_id=233","name":"Umsj\u00f3narma\u00f0ur fasteigna - FRAMHALDSSK\u00d3LINN \u00c1 LAUGUM","isPartOf":{"@id":"https:\/\/laugar.is\/#website"},"primaryImageOfPage":{"@id":"https:\/\/laugar.is\/?page_id=233#primaryimage"},"image":{"@id":"https:\/\/laugar.is\/?page_id=233#primaryimage"},"thumbnailUrl":"https:\/\/laugar.is\/wp-content\/uploads\/2024\/04\/cropped-laugar_merki_high-300x300.jpg","datePublished":"2017-01-17T19:14:57+00:00","dateModified":"2025-09-24T09:04:09+00:00","breadcrumb":{"@id":"https:\/\/laugar.is\/?page_id=233#breadcrumb"},"inLanguage":"is","potentialAction":[{"@type":"ReadAction","target":["https:\/\/laugar.is\/?page_id=233"]}]},{"@type":"ImageObject","inLanguage":"is","@id":"https:\/\/laugar.is\/?page_id=233#primaryimage","url":"https:\/\/laugar.is\/wp-content\/uploads\/2024\/04\/cropped-laugar_merki_high.jpg","contentUrl":"https:\/\/laugar.is\/wp-content\/uploads\/2024\/04\/cropped-laugar_merki_high.jpg","width":512,"height":512},{"@type":"BreadcrumbList","@id":"https:\/\/laugar.is\/?page_id=233#breadcrumb","itemListElement":[{"@type":"ListItem","position":1,"name":"Home","item":"https:\/\/laugar.is\/"},{"@type":"ListItem","position":2,"name":"\u00deJ\u00d3NUSTA","item":"https:\/\/laugar.is\/?page_id=219"},{"@type":"ListItem","position":3,"name":"Umsj\u00f3narma\u00f0ur fasteigna"}]},{"@type":"WebSite","@id":"https:\/\/laugar.is\/#website","url":"https:\/\/laugar.is\/","name":"FRAMHALDSSK\u00d3LINN \u00c1 LAUGUM","description":"Metna\u00f0ur - Tr\u00famennska  - Tillitssemi - Gla\u00f0lyndi","publisher":{"@id":"https:\/\/laugar.is\/#organization"},"potentialAction":[{"@type":"SearchAction","target":{"@type":"EntryPoint","urlTemplate":"https:\/\/laugar.is\/?s={search_term_string}"},"query-input":{"@type":"PropertyValueSpecification","valueRequired":true,"valueName":"search_term_string"}}],"inLanguage":"is"},{"@type":"Organization","@id":"https:\/\/laugar.is\/#organization","name":"Framhaldssk\u00f3linn \u00e1 Laugum","url":"https:\/\/laugar.is\/","logo":{"@type":"ImageObject","inLanguage":"is","@id":"https:\/\/laugar.is\/#\/schema\/logo\/image\/","url":"https:\/\/laugar.is\/wp-content\/uploads\/2017\/01\/laugar_merki_antexta-kip.jpg","contentUrl":"https:\/\/laugar.is\/wp-content\/uploads\/2017\/01\/laugar_merki_antexta-kip.jpg","width":536,"height":551,"caption":"Framhaldssk\u00f3linn \u00e1 Laugum"},"image":{"@id":"https:\/\/laugar.is\/#\/schema\/logo\/image\/"},"sameAs":["https:\/\/www.facebook.com\/laugaskoli\/"]}]}},"_links":{"self":[{"href":"https:\/\/laugar.is\/index.php?rest_route=\/wp\/v2\/pages\/233","targetHints":{"allow":["GET"]}}],"collection":[{"href":"https:\/\/laugar.is\/index.php?rest_route=\/wp\/v2\/pages"}],"about":[{"href":"https:\/\/laugar.is\/index.php?rest_route=\/wp\/v2\/types\/page"}],"author":[{"embeddable":true,"href":"https:\/\/laugar.is\/index.php?rest_route=\/wp\/v2\/users\/1"}],"replies":[{"embeddable":true,"href":"https:\/\/laugar.is\/index.php?rest_route=%2Fwp%2Fv2%2Fcomments&post=233"}],"version-history":[{"count":21,"href":"https:\/\/laugar.is\/index.php?rest_route=\/wp\/v2\/pages\/233\/revisions"}],"predecessor-version":[{"id":9341,"href":"https:\/\/laugar.is\/index.php?rest_route=\/wp\/v2\/pages\/233\/revisions\/9341"}],"up":[{"embeddable":true,"href":"https:\/\/laugar.is\/index.php?rest_route=\/wp\/v2\/pages\/219"}],"wp:attachment":[{"href":"https:\/\/laugar.is\/index.php?rest_route=%2Fwp%2Fv2%2Fmedia&parent=233"}],"curies":[{"name":"wp","href":"https:\/\/api.w.org\/{rel}","templated":true}]}}