{"id":211,"date":"2016-12-16T13:49:00","date_gmt":"2016-12-16T13:49:00","guid":{"rendered":"http:\/\/laugar.is\/?page_id=211"},"modified":"2026-01-21T11:15:11","modified_gmt":"2026-01-21T11:15:11","slug":"motuneyti","status":"publish","type":"page","link":"https:\/\/laugar.is\/?page_id=211","title":{"rendered":"M\u00f6tuneyti"},"content":{"rendered":"\n<p>&nbsp;<\/p>\nngg_shortcode_0_placeholder\n\n\n\n<h5 class=\"wp-block-heading\"><img loading=\"lazy\" decoding=\"async\" class=\"size-medium wp-image-3837 alignright\" src=\"https:\/\/laugar.is\/wp-content\/uploads\/2022\/08\/LaugaskoliNov2021-054-300x200.jpg\" alt=\"\" width=\"300\" height=\"200\" srcset=\"https:\/\/laugar.is\/wp-content\/uploads\/2022\/08\/LaugaskoliNov2021-054-300x200.jpg 300w, https:\/\/laugar.is\/wp-content\/uploads\/2022\/08\/LaugaskoliNov2021-054-1024x683.jpg 1024w, https:\/\/laugar.is\/wp-content\/uploads\/2022\/08\/LaugaskoliNov2021-054-768x512.jpg 768w, https:\/\/laugar.is\/wp-content\/uploads\/2022\/08\/LaugaskoliNov2021-054-1536x1025.jpg 1536w, https:\/\/laugar.is\/wp-content\/uploads\/2022\/08\/LaugaskoliNov2021-054-400x267.jpg 400w\" sizes=\"auto, (max-width: 300px) 100vw, 300px\" \/><strong>Heilsueflandi framhaldssk\u00f3li&nbsp;<\/strong><\/h5>\n\n\n\n<p>M\u00f6tuneyti sk\u00f3lans er sta\u00f0sett \u00ed Gamla sk\u00f3la og \u00fear er nemendum og starfsf\u00f3lki bo\u00f0i\u00f0 upp \u00e1 hollan og g\u00f3\u00f0an mat \u00ed samr\u00e6mi vi\u00f0 lei\u00f0beiningar Landl\u00e6knisemb\u00e6ttisins. Framhaldssk\u00f3linn \u00e1 Laugum er \u00fe\u00e1tttakandi \u00ed samstarfsverkefni emb\u00e6ttisins Hoff (Heilsueflandi framhaldssk\u00f3li). Stu\u00f0st er vi\u00f0 <em>Handb\u00f3k um matar\u00e6\u00f0i \u00ed framhaldssk\u00f3lum<\/em> og \u00e1 hverju hausti er fari\u00f0 yfir frambo\u00f0 m.t.t. lei\u00f0beininganna. Leitast er vi\u00f0 a\u00f0 koma til m\u00f3ts vi\u00f0 nemendur me\u00f0 f\u00e6\u00f0uofn\u00e6mi.<\/p>\n\n\n\n<h5 class=\"wp-block-heading\"><strong>Fimm m\u00e1lt\u00ed\u00f0ir \u00e1 dag&nbsp;<\/strong><\/h5>\n\n\n\n<p>\u00cd m\u00f6tuneyti sk\u00f3lans starfa fj\u00f3rir starfsmenn \u00ed mismunandi st\u00f6\u00f0ugildum, \u00e1samt Kristj\u00e1ni Gu\u00f0mundssyni, yfirmanni m\u00f6tuneytisins. \u00c1hersla er l\u00f6g\u00f0 \u00e1 a\u00f0 framfylgja stefnu sk\u00f3lans um hollustu, g\u00e6\u00f0i og hreinl\u00e6ti \u00ed matarger\u00f0 og framrei\u00f0slu. Nemendur \u00e1 heimavist eru \u00ed fullu f\u00e6\u00f0i sem samanstendur af fimm m\u00e1lt\u00ed\u00f0um fimm daga vikunnar. \u00cd bo\u00f0i er einnig sj\u00f6 daga f\u00e6\u00f0i e\u00f0a a\u00f0 kaupa stakar m\u00e1lt\u00ed\u00f0ir. \u00dev\u00ed \u00e6tti enginn a\u00f0 finna fyrir hungri \u00ed dagsins \u00f6nn. Starfsmenn sk\u00f3lans geta keypt stakar m\u00e1lt\u00ed\u00f0ir e\u00f0a skr\u00e1\u00f0 sig \u00ed fastar m\u00e1lt\u00ed\u00f0ir.<\/p>\n\n\n\n<h3 class=\"wp-block-heading\"><strong>Opnunart\u00edmi m\u00f6tuneytis:<\/strong><\/h3>\n\n\n\n<h5 class=\"wp-block-heading\"><strong><u>M\u00e1nudaga til fimmtudaga <\/u><\/strong><\/h5>\n\n\n\n<p><strong>Morgunmatur kl<\/strong> 8:45-9:10<br><strong>H\u00e1degismatur<\/strong> &nbsp;<strong>kl<\/strong> 12:30 &#8211; 13:00<br><strong>Kaffi<\/strong> <strong>kl<\/strong> 15:30-16:00<br><strong>Kv\u00f6ldmatur<\/strong> <strong>kl<\/strong> 19:00-19:30<br><strong>Kv\u00f6ldkaffi kl &nbsp;<\/strong>21:30-22:00<\/p>\n\n\n\n<h4 class=\"wp-block-heading\"><strong><u>F\u00f6studaga<\/u><\/strong><\/h4>\n\n\n\n<p><strong>Morgunmatur<\/strong> <strong>kl<\/strong>&nbsp; 8:45-9:10<br><strong>H\u00e1degismatur<\/strong> <strong>kl <\/strong>12:30-13:00<br><strong>Kaffi <\/strong><strong>kl <\/strong>14:30\u201315:00<br><strong>Kv\u00f6ldmatur<\/strong> <strong>kl <\/strong>&nbsp;18:00-18:30<br><strong>Kv\u00f6ldkaffi <\/strong><strong>kl <\/strong>21:30-22:00<\/p>\n\n\n\n<h4 class=\"wp-block-heading\"><strong><u>Laugardaga og sunnudaga <\/u><\/strong><\/h4>\n\n\n\n<p><strong>H\u00e1degismatur<\/strong> <strong>kl <\/strong>11:45-13:00<br><strong>Kv\u00f6ldmatur<\/strong> <strong>kl <\/strong>18:00-18:30<br><strong>Kv\u00f6ldkaffi kl<\/strong> 21:30-22:00<\/p>\n\n\n\n<h4 class=\"wp-block-heading\"><a href=\"https:\/\/laugar.is\/?page_id=51\">Gjaldskr\u00e1 &#8211; Framhaldssk\u00f3linn \u00e1 Laugum (laugar.is)<\/a><\/h4>\n\n\n\n<h1 class=\"wp-block-heading\">&nbsp;<\/h1>\n\n\n\n<h1 class=\"wp-block-heading\">Skr\u00e1ning \u00ed f\u00e6\u00f0i<\/h1>\n\n\n\n<p class=\"has-text-align-left\"><strong>M\u00f6tuneyti<\/strong><\/p>\n\n\n\n<p class=\"has-text-align-left\">1. Allir nemendur \u00e1 heimavist eru \u00ed 5 e\u00f0a 7 daga f\u00e6\u00f0i.<\/p>\n\n\n\n<p class=\"has-text-align-left\">2. \u00deeir nemendur sem eru skr\u00e1\u00f0ir \u00ed<strong> 5 daga f\u00e6\u00f0i geta skr\u00e1\u00f0 sig \u00ed helgarf\u00e6\u00f0i \u00fe\u00e6r helgar sem \u00feeir vilja en \u00feurfa \u00fe\u00e1 a\u00f0 skr\u00e1 sig \u00ed m\u00f6tuneyti sk\u00f3lans \u00ed s\u00ed\u00f0asta lagi \u00ed h\u00e1degi \u00e1 f\u00f6stud\u00f6gum.<\/strong> Um helgar er bor\u00f0salurinn a\u00f0eins fyrir \u00fe\u00e1 nemendur sem skr\u00e1\u00f0ir eru \u00ed helgarf\u00e6\u00f0i.<\/p>\n\n\n\n<p class=\"has-text-align-left\">3. Ekki \u00fearf a\u00f0 sta\u00f0grei\u00f0a helgina, heldur ver\u00f0ur innheimt fyrir helgarf\u00e6\u00f0i eftir hvern m\u00e1nu\u00f0. Sj\u00e1 <a href=\"http:\/\/laugar.is\/?page_id=51\">gjaldskr\u00e1 m\u00f6tuneytis<\/a><\/p>\n\n\n\n<p class=\"has-text-align-left\">4. Starfsf\u00f3lk og nemendur utan heimavistar geta skr\u00e1\u00f0 sig \u00ed fast f\u00e6\u00f0i einn m\u00e1nu\u00f0 \u00ed senn \u00ed upphafi m\u00e1na\u00f0ar \u00ed m\u00f6tuneytinu hj\u00e1 Kristj\u00e1ni kokki.<\/p>\n\n\n\n<p class=\"has-text-align-left\">5. Nemendur sem eru fjarverandi fr\u00e1 sk\u00f3la \u00ed <strong>5 daga e\u00f0a meira<\/strong> geta fengi\u00f0 endurgreitt m\u00f6tuneytisgjald ef \u00feeir tilkynna fjarveru s\u00edna <strong>fyrirfram til ritara.<\/strong><\/p>\n\n\n\n<p class=\"has-text-align-left\">6. Kv\u00f6ldkaffi er a\u00f0eins fyrir \u00fe\u00e1 sem eru skr\u00e1\u00f0ir \u00ed m\u00f6tuneyti\u00f0 hverju sinni.<\/p>\n\n\n\n<p class=\"has-text-align-left\">Kristj\u00e1n Gu\u00f0mundsson kokkur og Sigurbj\u00f6rn \u00c1rni Arngr\u00edmsson sk\u00f3lameistari.<\/p>\n\n\n\n<p><a href=\"https:\/\/laugar.is\/?page_id=216\">Matse\u00f0ill vikunnar &#8211; Framhaldssk\u00f3linn \u00e1 Laugum (laugar.is)<\/a><\/p>\n\n\n\n<p><\/p>\n","protected":false},"excerpt":{"rendered":"<p>&nbsp; Heilsueflandi framhaldssk\u00f3li&nbsp; M\u00f6tuneyti sk\u00f3lans er sta\u00f0sett \u00ed Gamla sk\u00f3la og \u00fear er nemendum og starfsf\u00f3lki bo\u00f0i\u00f0 upp \u00e1 hollan og g\u00f3\u00f0an mat \u00ed samr\u00e6mi vi\u00f0 lei\u00f0beiningar Landl\u00e6knisemb\u00e6ttisins. Framhaldssk\u00f3linn \u00e1 Laugum er \u00fe\u00e1tttakandi \u00ed samstarfsverkefni emb\u00e6ttisins Hoff (Heilsueflandi framhaldssk\u00f3li). Stu\u00f0st er vi\u00f0 Handb\u00f3k um matar\u00e6\u00f0i \u00ed framhaldssk\u00f3lum og \u00e1 hverju hausti er fari\u00f0 yfir frambo\u00f0 m.t.t. lei\u00f0beininganna. Leitast er vi\u00f0 a\u00f0 koma til m\u00f3ts vi\u00f0 nemendur me\u00f0 f\u00e6\u00f0uofn\u00e6mi. Fimm m\u00e1lt\u00ed\u00f0ir <a class=\"more-link\" href=\"https:\/\/laugar.is\/?page_id=211\">&#8230;Lestu \u00e1fram<\/a><\/p>\n","protected":false},"author":1,"featured_media":0,"parent":219,"menu_order":0,"comment_status":"closed","ping_status":"closed","template":"","meta":{"_acf_changed":false,"_lmt_disableupdate":"","_lmt_disable":"","ngg_post_thumbnail":0,"footnotes":""},"class_list":["post-211","page","type-page","status-publish","hentry"],"acf":[],"yoast_head":"<!-- This site is optimized with the Yoast SEO plugin v27.5 - https:\/\/yoast.com\/product\/yoast-seo-wordpress\/ -->\n<title>M\u00f6tuneyti - FRAMHALDSSK\u00d3LINN \u00c1 LAUGUM<\/title>\n<meta name=\"description\" content=\"M\u00f6tuneyti\" \/>\n<meta name=\"robots\" content=\"index, follow, max-snippet:-1, max-image-preview:large, max-video-preview:-1\" \/>\n<link rel=\"canonical\" href=\"https:\/\/laugar.is\/?page_id=211\" \/>\n<meta property=\"og:locale\" content=\"is_IS\" \/>\n<meta property=\"og:type\" content=\"article\" \/>\n<meta property=\"og:title\" content=\"M\u00f6tuneyti - FRAMHALDSSK\u00d3LINN \u00c1 LAUGUM\" \/>\n<meta property=\"og:description\" content=\"M\u00f6tuneyti\" \/>\n<meta property=\"og:url\" content=\"https:\/\/laugar.is\/?page_id=211\" \/>\n<meta property=\"og:site_name\" content=\"FRAMHALDSSK\u00d3LINN \u00c1 LAUGUM\" \/>\n<meta property=\"article:publisher\" content=\"https:\/\/www.facebook.com\/laugaskoli\/\" \/>\n<meta property=\"article:modified_time\" content=\"2026-01-21T11:15:11+00:00\" \/>\n<meta property=\"og:image\" content=\"https:\/\/laugar.is\/wp-content\/uploads\/2022\/08\/LaugaskoliNov2021-054-300x200.jpg\" \/>\n<meta name=\"twitter:card\" content=\"summary_large_image\" \/>\n<meta name=\"twitter:label1\" content=\"Est. reading time\" \/>\n\t<meta name=\"twitter:data1\" content=\"3 minutes\" \/>\n<script type=\"application\/ld+json\" class=\"yoast-schema-graph\">{\"@context\":\"https:\\\/\\\/schema.org\",\"@graph\":[{\"@type\":\"WebPage\",\"@id\":\"https:\\\/\\\/laugar.is\\\/?page_id=211\",\"url\":\"https:\\\/\\\/laugar.is\\\/?page_id=211\",\"name\":\"M\u00f6tuneyti - FRAMHALDSSK\u00d3LINN \u00c1 LAUGUM\",\"isPartOf\":{\"@id\":\"https:\\\/\\\/laugar.is\\\/#website\"},\"primaryImageOfPage\":{\"@id\":\"https:\\\/\\\/laugar.is\\\/?page_id=211#primaryimage\"},\"image\":{\"@id\":\"https:\\\/\\\/laugar.is\\\/?page_id=211#primaryimage\"},\"thumbnailUrl\":\"https:\\\/\\\/laugar.is\\\/wp-content\\\/uploads\\\/2022\\\/08\\\/LaugaskoliNov2021-054-300x200.jpg\",\"datePublished\":\"2016-12-16T13:49:00+00:00\",\"dateModified\":\"2026-01-21T11:15:11+00:00\",\"description\":\"M\u00f6tuneyti\",\"breadcrumb\":{\"@id\":\"https:\\\/\\\/laugar.is\\\/?page_id=211#breadcrumb\"},\"inLanguage\":\"is\",\"potentialAction\":[{\"@type\":\"ReadAction\",\"target\":[\"https:\\\/\\\/laugar.is\\\/?page_id=211\"]}]},{\"@type\":\"ImageObject\",\"inLanguage\":\"is\",\"@id\":\"https:\\\/\\\/laugar.is\\\/?page_id=211#primaryimage\",\"url\":\"https:\\\/\\\/laugar.is\\\/wp-content\\\/uploads\\\/2022\\\/08\\\/LaugaskoliNov2021-054.jpg\",\"contentUrl\":\"https:\\\/\\\/laugar.is\\\/wp-content\\\/uploads\\\/2022\\\/08\\\/LaugaskoliNov2021-054.jpg\",\"width\":8046,\"height\":5367},{\"@type\":\"BreadcrumbList\",\"@id\":\"https:\\\/\\\/laugar.is\\\/?page_id=211#breadcrumb\",\"itemListElement\":[{\"@type\":\"ListItem\",\"position\":1,\"name\":\"Home\",\"item\":\"https:\\\/\\\/laugar.is\\\/\"},{\"@type\":\"ListItem\",\"position\":2,\"name\":\"\u00deJ\u00d3NUSTA\",\"item\":\"https:\\\/\\\/laugar.is\\\/?page_id=219\"},{\"@type\":\"ListItem\",\"position\":3,\"name\":\"M\u00f6tuneyti\"}]},{\"@type\":\"WebSite\",\"@id\":\"https:\\\/\\\/laugar.is\\\/#website\",\"url\":\"https:\\\/\\\/laugar.is\\\/\",\"name\":\"FRAMHALDSSK\u00d3LINN \u00c1 LAUGUM\",\"description\":\"Metna\u00f0ur - Tr\u00famennska  - Tillitssemi - Gla\u00f0lyndi\",\"publisher\":{\"@id\":\"https:\\\/\\\/laugar.is\\\/#organization\"},\"potentialAction\":[{\"@type\":\"SearchAction\",\"target\":{\"@type\":\"EntryPoint\",\"urlTemplate\":\"https:\\\/\\\/laugar.is\\\/?s={search_term_string}\"},\"query-input\":{\"@type\":\"PropertyValueSpecification\",\"valueRequired\":true,\"valueName\":\"search_term_string\"}}],\"inLanguage\":\"is\"},{\"@type\":\"Organization\",\"@id\":\"https:\\\/\\\/laugar.is\\\/#organization\",\"name\":\"Framhaldssk\u00f3linn \u00e1 Laugum\",\"url\":\"https:\\\/\\\/laugar.is\\\/\",\"logo\":{\"@type\":\"ImageObject\",\"inLanguage\":\"is\",\"@id\":\"https:\\\/\\\/laugar.is\\\/#\\\/schema\\\/logo\\\/image\\\/\",\"url\":\"https:\\\/\\\/laugar.is\\\/wp-content\\\/uploads\\\/2017\\\/01\\\/laugar_merki_antexta-kip.jpg\",\"contentUrl\":\"https:\\\/\\\/laugar.is\\\/wp-content\\\/uploads\\\/2017\\\/01\\\/laugar_merki_antexta-kip.jpg\",\"width\":536,\"height\":551,\"caption\":\"Framhaldssk\u00f3linn \u00e1 Laugum\"},\"image\":{\"@id\":\"https:\\\/\\\/laugar.is\\\/#\\\/schema\\\/logo\\\/image\\\/\"},\"sameAs\":[\"https:\\\/\\\/www.facebook.com\\\/laugaskoli\\\/\"]}]}<\/script>\n<!-- \/ Yoast SEO plugin. -->","yoast_head_json":{"title":"M\u00f6tuneyti - FRAMHALDSSK\u00d3LINN \u00c1 LAUGUM","description":"M\u00f6tuneyti","robots":{"index":"index","follow":"follow","max-snippet":"max-snippet:-1","max-image-preview":"max-image-preview:large","max-video-preview":"max-video-preview:-1"},"canonical":"https:\/\/laugar.is\/?page_id=211","og_locale":"is_IS","og_type":"article","og_title":"M\u00f6tuneyti - FRAMHALDSSK\u00d3LINN \u00c1 LAUGUM","og_description":"M\u00f6tuneyti","og_url":"https:\/\/laugar.is\/?page_id=211","og_site_name":"FRAMHALDSSK\u00d3LINN \u00c1 LAUGUM","article_publisher":"https:\/\/www.facebook.com\/laugaskoli\/","article_modified_time":"2026-01-21T11:15:11+00:00","og_image":[{"url":"https:\/\/laugar.is\/wp-content\/uploads\/2022\/08\/LaugaskoliNov2021-054-300x200.jpg","type":"","width":"","height":""}],"twitter_card":"summary_large_image","twitter_misc":{"Est. reading time":"3 minutes"},"schema":{"@context":"https:\/\/schema.org","@graph":[{"@type":"WebPage","@id":"https:\/\/laugar.is\/?page_id=211","url":"https:\/\/laugar.is\/?page_id=211","name":"M\u00f6tuneyti - FRAMHALDSSK\u00d3LINN \u00c1 LAUGUM","isPartOf":{"@id":"https:\/\/laugar.is\/#website"},"primaryImageOfPage":{"@id":"https:\/\/laugar.is\/?page_id=211#primaryimage"},"image":{"@id":"https:\/\/laugar.is\/?page_id=211#primaryimage"},"thumbnailUrl":"https:\/\/laugar.is\/wp-content\/uploads\/2022\/08\/LaugaskoliNov2021-054-300x200.jpg","datePublished":"2016-12-16T13:49:00+00:00","dateModified":"2026-01-21T11:15:11+00:00","description":"M\u00f6tuneyti","breadcrumb":{"@id":"https:\/\/laugar.is\/?page_id=211#breadcrumb"},"inLanguage":"is","potentialAction":[{"@type":"ReadAction","target":["https:\/\/laugar.is\/?page_id=211"]}]},{"@type":"ImageObject","inLanguage":"is","@id":"https:\/\/laugar.is\/?page_id=211#primaryimage","url":"https:\/\/laugar.is\/wp-content\/uploads\/2022\/08\/LaugaskoliNov2021-054.jpg","contentUrl":"https:\/\/laugar.is\/wp-content\/uploads\/2022\/08\/LaugaskoliNov2021-054.jpg","width":8046,"height":5367},{"@type":"BreadcrumbList","@id":"https:\/\/laugar.is\/?page_id=211#breadcrumb","itemListElement":[{"@type":"ListItem","position":1,"name":"Home","item":"https:\/\/laugar.is\/"},{"@type":"ListItem","position":2,"name":"\u00deJ\u00d3NUSTA","item":"https:\/\/laugar.is\/?page_id=219"},{"@type":"ListItem","position":3,"name":"M\u00f6tuneyti"}]},{"@type":"WebSite","@id":"https:\/\/laugar.is\/#website","url":"https:\/\/laugar.is\/","name":"FRAMHALDSSK\u00d3LINN \u00c1 LAUGUM","description":"Metna\u00f0ur - Tr\u00famennska  - Tillitssemi - Gla\u00f0lyndi","publisher":{"@id":"https:\/\/laugar.is\/#organization"},"potentialAction":[{"@type":"SearchAction","target":{"@type":"EntryPoint","urlTemplate":"https:\/\/laugar.is\/?s={search_term_string}"},"query-input":{"@type":"PropertyValueSpecification","valueRequired":true,"valueName":"search_term_string"}}],"inLanguage":"is"},{"@type":"Organization","@id":"https:\/\/laugar.is\/#organization","name":"Framhaldssk\u00f3linn \u00e1 Laugum","url":"https:\/\/laugar.is\/","logo":{"@type":"ImageObject","inLanguage":"is","@id":"https:\/\/laugar.is\/#\/schema\/logo\/image\/","url":"https:\/\/laugar.is\/wp-content\/uploads\/2017\/01\/laugar_merki_antexta-kip.jpg","contentUrl":"https:\/\/laugar.is\/wp-content\/uploads\/2017\/01\/laugar_merki_antexta-kip.jpg","width":536,"height":551,"caption":"Framhaldssk\u00f3linn \u00e1 Laugum"},"image":{"@id":"https:\/\/laugar.is\/#\/schema\/logo\/image\/"},"sameAs":["https:\/\/www.facebook.com\/laugaskoli\/"]}]}},"_links":{"self":[{"href":"https:\/\/laugar.is\/index.php?rest_route=\/wp\/v2\/pages\/211","targetHints":{"allow":["GET"]}}],"collection":[{"href":"https:\/\/laugar.is\/index.php?rest_route=\/wp\/v2\/pages"}],"about":[{"href":"https:\/\/laugar.is\/index.php?rest_route=\/wp\/v2\/types\/page"}],"author":[{"embeddable":true,"href":"https:\/\/laugar.is\/index.php?rest_route=\/wp\/v2\/users\/1"}],"replies":[{"embeddable":true,"href":"https:\/\/laugar.is\/index.php?rest_route=%2Fwp%2Fv2%2Fcomments&post=211"}],"version-history":[{"count":14,"href":"https:\/\/laugar.is\/index.php?rest_route=\/wp\/v2\/pages\/211\/revisions"}],"predecessor-version":[{"id":10703,"href":"https:\/\/laugar.is\/index.php?rest_route=\/wp\/v2\/pages\/211\/revisions\/10703"}],"up":[{"embeddable":true,"href":"https:\/\/laugar.is\/index.php?rest_route=\/wp\/v2\/pages\/219"}],"wp:attachment":[{"href":"https:\/\/laugar.is\/index.php?rest_route=%2Fwp%2Fv2%2Fmedia&parent=211"}],"curies":[{"name":"wp","href":"https:\/\/api.w.org\/{rel}","templated":true}]}}